{"id":16779,"date":"2022-09-01T14:21:00","date_gmt":"2022-09-01T12:21:00","guid":{"rendered":"https:\/\/www.villamanin.it\/?post_type=evento&#038;p=16779"},"modified":"2024-10-10T14:58:32","modified_gmt":"2024-10-10T12:58:32","slug":"pier-paolo-pasolini-under-the-eyes-of-the-world","status":"publish","type":"evento","link":"https:\/\/www.villamanin.it\/en\/evento\/pier-paolo-pasolini-under-the-eyes-of-the-world\/","title":{"rendered":"Pier Paolo Pasolini. Under the eyes of the world"},"content":{"rendered":"\t\t<div data-elementor-type=\"wp-post\" data-elementor-id=\"16779\" class=\"elementor elementor-16779 elementor-6786\" data-elementor-post-type=\"evento\">\n\t\t\t\t\t\t<section class=\"elementor-section elementor-top-section elementor-element elementor-element-e61d83f elementor-section-boxed elementor-section-height-default elementor-section-height-default\" data-id=\"e61d83f\" data-element_type=\"section\" data-e-type=\"section\">\n\t\t\t\t\t\t<div class=\"elementor-container elementor-column-gap-default\">\n\t\t\t\t\t<div class=\"elementor-column elementor-col-100 elementor-top-column elementor-element elementor-element-6e7ca56\" data-id=\"6e7ca56\" data-element_type=\"column\" data-e-type=\"column\">\n\t\t\t<div class=\"elementor-widget-wrap elementor-element-populated\">\n\t\t\t\t\t\t<div class=\"elementor-element elementor-element-ea63d6c elementor-widget elementor-widget-text-editor\" data-id=\"ea63d6c\" data-element_type=\"widget\" data-e-type=\"widget\" data-widget_type=\"text-editor.default\">\n\t\t\t\t<div class=\"elementor-widget-container\">\n\t\t\t\t\t\t\t\t\t<p>From 24 September 2022 to 8 January 2023 Villa Manin in Passariano di Codroipo (Udine) and the Pier Paolo Pasolini Study Centre in Casarsa della Delizia (Pordenone) present the exhibition Pier Paolo Pasolini. Under the eyes of the world, curated by Silvia Mart\u00edn Guti\u00e9rrez, organised by ERPAC &#8211; Ente Regionale per il Patrimonio Culturale del Friuli Venezia Giulia (Regional Agency for the Cultural Heritage of Friuli Venezia Giulia), on the occasion of the centenary of the birth of the great Italian artist, poet, writer, intellectual and director.<\/p><p>With more than 170 rare and unpublished portraits of Pier Paolo Pasolini (Bologna, 1922 &#8211; Rome, 1975), the exhibition brings to light entire photographic services &#8211; hitherto unknown &#8211; focusing mainly on great foreign photographers (some of exceptional fame, such as Richard Avedon, Herbert List, Henri Cartier-Bresson, Jerry Bauer, Jonas Mekas, L\u00fctfi \u00d6zk\u00f6k, Erika Rabau, Duane Michals, Philippe Koudjina, Marli Shamir and many others) and on the places, moments and encounters that marked Pasolini&#8217;s life, restoring his image as a man and artist in the world, fixed forever in dozens and dozens of different poses.<\/p><p>The exhibition, which was created with the important contribution of Cinemazero, stems from a research project conducted for many years in archives around the world by the curator, and developed for the occasion together with Marco Bazzocchi, Riccardo Costantini and Guido Comis with an exceptional scientific committee. Thanks to this research activity, the public will be able to see for the first time some completely unpublished photographic reports: Pasolini&#8217;s meeting with Man Ray, to propose him to draw the poster for Sal\u00f2; Pasolini in Stockholm (a few days before he was killed), to make himself known in the Nobel Prize environment; Pasolini in the South of the world, with Alberto Moravia, Dacia Maraini, Maria Callas.<\/p><p>When Pasolini goes in search of otherness, of anomaly, which he then reconstructs on the sets of his films. Or at film festivals and other occasions, where he met and debated with intellectuals and filmmakers of his calibre such as Orson Welles, Agn\u00e8s Varda, Jonas Mekas and Jean-Luc Godard.<\/p><p>Pier Paolo Pasolini was probably the most photographed artist of the 20th century. From the early 1950s, when he arrived in Rome, until the days before his death, he was captured in hundreds of situations, both public and private, as if the photographic lens had chased him every moment of his life. The curiosity surrounding Pasolini as a man and artist has unleashed cameras all over the world.<\/p><p>Each photo shoot dedicated to him implies a particular aspect of the place and time in which the writer finds himself. Each photograph portraying him constitutes \u2018a world\u2019.<\/p><p>Pier Paolo Pasolini placed at the centre of his work the places where the rules of the western bourgeois world do not dominate: Friuli, the suburbs of Rome and the South, the unexplored continents, the great modern cities, from Paris to New York. And photographers have portrayed him precisely in these places, \u2018where joy is joy and pain pain\u2019, as he wrote in Gramsci&#8217;s Ashes (1957).<\/p><p>Thus a secret struggle has arisen between the writer and the camera: when he is in domestic spaces, Pasolini assumes the role of the intellectual who sits at his desk or of the adult son who is not ashamed to always present himself side by side with his mother; when he is in distant worlds, however, he concentrates the force of the lenses on himself, filling each shot with his physicality. In a way, he makes them even stranger through himself. Each photographer has emphasised this relationship in different ways: a writer who shows himself in elegant bourgeois clothes but also in a tank top and swimming costume, a face that seems &#8211; at times &#8211; to smile but also to look fiercely at the world, as if to challenge it, eyes that capture the lens but also gently submit to the click of the diaphragm.<\/p><p>The exhibition tells us with photographs and numerous multimedia materials that Pasolini&#8217;s shots can never construct a logical, coherent whole: he is ready to challenge the idea of photography as a souvenir image, as a moment of time fixed once and for all. This \u2018always\u2019 does not apply to Pasolini. The exhibition at Villa Manin, with the complementary sections of the Pier Paolo Pasolini Study Centre in Casarsa della Delizia, aims to propose different nuclei made up of photographic reports that only in appearance seem to follow a development but in reality show us how any chronological definition of \u2018that\u2019 moment or \u2018that\u2019 period is impossible. Nuclei that expose \u2018micro\u2019 worlds (a house, a trip, a festival, a social occasion&#8230;) that become \u2018macro\u2019 in testifying to his &#8211; always very personal and original &#8211; crossing of history and the society in which he lives. Dense, full, living worlds in which the spectator is called upon to participate, dialoguing &#8211; if possible &#8211; with Pasolini&#8217;s gaze. In Trastevere in 1953, in Paris in 1961, in New York in 1966 and again in 1969, in Berlin during the festival, in Stockholm a few days before he was killed&#8230; Pasolini is always \u2018different\u2019: different from how we would expect to see him, \u2018other\u2019 from how even great authors such as Avedon or Cartier-Bresson thought of fixing him with their lens.<\/p><p>So Pasolini subjected himself, exposed himself, but also hid himself through photography, the only expressive technique he never spoke of except in very brief hints.<\/p><p>This is also why the exhibition at Villa Manin presents, in addition to the photographs, other documents &#8211; newspapers, statements, interviews, videos &#8211; to contextualise the occasions on which the photo shoots were born. And then makes Pasolini&#8217;s voice heard, with unpublished audio sequences, as a further tool to make present, or attempt to make present, an author who is always \u2018on the run\u2019: on the run from himself, on the run from the world, on the run through the words and images of his writings and films.<\/p><p>The Pier Paolo Pasolini Study Centre will present the itinerary on Pasolini&#8217;s Roman homes.<\/p><p>From April 1954 to June 1959 the poet lived with his mother in the house in Via Fonteiana 86, in the Monteverde district. He later moved to the flat in Via Giacinto Carini 45, from which he moved in 1963 to finally settle in the house in Via Eufrate 9 in the EUR district.<\/p><p>These changes are reflected in the shots presented in Casarsa. The photographers documenting the houses in Via Fonteiana and Via Carlini (Marisa Rastellini, Elio Sorci and Pietro Pascuttini) allow us to enter the poet&#8217;s study and observe him at his typewriter, surrounded by letters, documents, film scripts. We see the paintings on the walls and, in one case, the organza curtains at the window overlooking a small terrace. A few years later, the house in Via Eufrate, furnished with 19th-century furniture on which exotic knick-knacks reminiscent of trips to Africa or India, velvet sofas, carpets, provide the backdrop for a Jerry Bauer photo shoot, one of the most interesting to get to know the intimacy of the poet, immortalised with his mother and closest friends.<\/p><p>The exhibition Pier Paolo Pasolini. Under the eyes of the world wants to take us to the place where Pasolini was formed as a poet, Friuli, all the places where his unstoppable evolution took place: from Friuli to the World, Pasolini still looks at us and challenges us from the walls of these rooms, always \u2018fleeing from photography\u2019.<\/p>\t\t\t\t\t\t\t\t<\/div>\n\t\t\t\t<\/div>\n\t\t\t\t\t<\/div>\n\t\t<\/div>\n\t\t\t\t\t<\/div>\n\t\t<\/section>\n\t\t\t\t<section class=\"elementor-section elementor-top-section elementor-element elementor-element-812b4e1 elementor-section-boxed elementor-section-height-default elementor-section-height-default\" data-id=\"812b4e1\" data-element_type=\"section\" data-e-type=\"section\">\n\t\t\t\t\t\t<div class=\"elementor-container elementor-column-gap-default\">\n\t\t\t\t\t<div class=\"elementor-column elementor-col-50 elementor-top-column elementor-element elementor-element-68da0eb\" data-id=\"68da0eb\" data-element_type=\"column\" data-e-type=\"column\">\n\t\t\t<div class=\"elementor-widget-wrap elementor-element-populated\">\n\t\t\t\t\t\t<div class=\"elementor-element elementor-element-cd47678 elementor-widget elementor-widget-text-editor\" data-id=\"cd47678\" data-element_type=\"widget\" data-e-type=\"widget\" data-widget_type=\"text-editor.default\">\n\t\t\t\t<div class=\"elementor-widget-container\">\n\t\t\t\t\t\t\t\t\t<p><strong>Opening hours<\/strong><\/p><p>Tuesday to Sunday 10 a.m. &#8211; 7 p.m.<br \/>Monday closed<br \/>Special openings<\/p><p>Tuesday 1 November<br \/>Thursday 8 December<br \/>Saturday 24 December until 2 p.m.<br \/>Monday, 26 December<br \/>Saturday, 31 December until 2 p.m.<br \/>Friday 6 January 2023<\/p>\t\t\t\t\t\t\t\t<\/div>\n\t\t\t\t<\/div>\n\t\t\t\t\t<\/div>\n\t\t<\/div>\n\t\t\t\t<div class=\"elementor-column elementor-col-50 elementor-top-column elementor-element elementor-element-65ceed1\" data-id=\"65ceed1\" data-element_type=\"column\" data-e-type=\"column\">\n\t\t\t<div class=\"elementor-widget-wrap elementor-element-populated\">\n\t\t\t\t\t\t<div class=\"elementor-element elementor-element-bfa0522 elementor-widget elementor-widget-text-editor\" data-id=\"bfa0522\" data-element_type=\"widget\" data-e-type=\"widget\" data-widget_type=\"text-editor.default\">\n\t\t\t\t<div class=\"elementor-widget-container\">\n\t\t\t\t\t\t\t\t\t<p>Admission Villa Manin:<br \/>Full \u20ac 8.00<br \/>Reduced price \u20ac 5.00<br \/>65 years and over (with ID); children aged 13 to 18 years<br \/>18 years and under; students up to 26 years of age (with<br \/>document); differently abled<br \/>Free<br \/>Children up to the age of 12; accompanying persons of<br \/>groups (one each); teachers visiting with pupils\/students (two each<br \/>students (two per group); one accompanying person per<br \/>disabled; ICOM members; journalists with a valid National<br \/>of the National Order<\/p><p>The ticket office closes half an hour before<\/p><p>Entrance to Pier Paolo Pasolini Study Centre:<br \/>Free<\/p>\t\t\t\t\t\t\t\t<\/div>\n\t\t\t\t<\/div>\n\t\t\t\t\t<\/div>\n\t\t<\/div>\n\t\t\t\t\t<\/div>\n\t\t<\/section>\n\t\t\t\t<section class=\"elementor-section elementor-top-section elementor-element elementor-element-4576f46 elementor-section-boxed elementor-section-height-default elementor-section-height-default\" data-id=\"4576f46\" data-element_type=\"section\" data-e-type=\"section\">\n\t\t\t\t\t\t<div class=\"elementor-container elementor-column-gap-default\">\n\t\t\t\t\t<div class=\"elementor-column elementor-col-100 elementor-top-column elementor-element elementor-element-67dbff3\" data-id=\"67dbff3\" data-element_type=\"column\" data-e-type=\"column\">\n\t\t\t<div class=\"elementor-widget-wrap elementor-element-populated\">\n\t\t\t\t\t\t<div class=\"elementor-element elementor-element-da157ff elementor-widget elementor-widget-text-editor\" data-id=\"da157ff\" data-element_type=\"widget\" data-e-type=\"widget\" data-widget_type=\"text-editor.default\">\n\t\t\t\t<div class=\"elementor-widget-container\">\n\t\t\t\t\t\t\t\t\t<p><strong>Informaion<\/strong><br \/>villamanin.it<br \/>info@villamanin.it<br \/>T +39 0432 821211<br \/>centrostudipierpaolopasolinicasarsa.it<br \/>info@centrostudipierpaolopasolinicasarsa.it<br \/>T +39 0434 870593<\/p>\t\t\t\t\t\t\t\t<\/div>\n\t\t\t\t<\/div>\n\t\t\t\t\t<\/div>\n\t\t<\/div>\n\t\t\t\t\t<\/div>\n\t\t<\/section>\n\t\t\t\t<section class=\"elementor-section elementor-top-section elementor-element elementor-element-8a9f314 elementor-section-boxed elementor-section-height-default elementor-section-height-default\" data-id=\"8a9f314\" data-element_type=\"section\" data-e-type=\"section\">\n\t\t\t\t\t\t<div class=\"elementor-container elementor-column-gap-default\">\n\t\t\t\t\t<div class=\"elementor-column elementor-col-100 elementor-top-column elementor-element elementor-element-2b10f6d\" data-id=\"2b10f6d\" data-element_type=\"column\" data-e-type=\"column\">\n\t\t\t<div class=\"elementor-widget-wrap elementor-element-populated\">\n\t\t\t\t\t\t<div class=\"elementor-element elementor-element-3c24ff3 elementor-widget elementor-widget-gallery\" data-id=\"3c24ff3\" data-element_type=\"widget\" data-e-type=\"widget\" data-settings=\"{&quot;lazyload&quot;:&quot;yes&quot;,&quot;gallery_layout&quot;:&quot;grid&quot;,&quot;columns&quot;:4,&quot;columns_tablet&quot;:2,&quot;columns_mobile&quot;:1,&quot;gap&quot;:{&quot;unit&quot;:&quot;px&quot;,&quot;size&quot;:10,&quot;sizes&quot;:[]},&quot;gap_tablet&quot;:{&quot;unit&quot;:&quot;px&quot;,&quot;size&quot;:10,&quot;sizes&quot;:[]},&quot;gap_mobile&quot;:{&quot;unit&quot;:&quot;px&quot;,&quot;size&quot;:10,&quot;sizes&quot;:[]},&quot;link_to&quot;:&quot;file&quot;,&quot;aspect_ratio&quot;:&quot;3:2&quot;,&quot;overlay_background&quot;:&quot;yes&quot;,&quot;content_hover_animation&quot;:&quot;fade-in&quot;}\" data-widget_type=\"gallery.default\">\n\t\t\t\t<div class=\"elementor-widget-container\">\n\t\t\t\t\t\t\t<div class=\"elementor-gallery__container\">\n\t\t\t\t\t\t\t<a class=\"e-gallery-item elementor-gallery-item elementor-animated-content\" href=\"https:\/\/www.villamanin.it\/wp-content\/uploads\/2022\/09\/4-scaled.jpg\" data-elementor-open-lightbox=\"yes\" data-elementor-lightbox-slideshow=\"3c24ff3\" data-elementor-lightbox-title=\"4\" data-elementor-lightbox-description=\"quadri in esposizione\" data-e-action-hash=\"#elementor-action%3Aaction%3Dlightbox%26settings%3DeyJpZCI6NzYxMSwidXJsIjoiaHR0cHM6XC9cL3d3dy52aWxsYW1hbmluLml0XC93cC1jb250ZW50XC91cGxvYWRzXC8yMDIyXC8wOVwvNC1zY2FsZWQuanBnIiwic2xpZGVzaG93IjoiM2MyNGZmMyJ9\">\n\t\t\t\t\t<div class=\"e-gallery-image elementor-gallery-item__image\" data-thumbnail=\"https:\/\/www.villamanin.it\/wp-content\/uploads\/2022\/09\/4-1536x1024.jpg\" data-width=\"1536\" data-height=\"1024\" aria-label=\"quadri in esposizione\" role=\"img\" ><\/div>\n\t\t\t\t\t\t\t\t\t\t\t<div class=\"elementor-gallery-item__overlay\"><\/div>\n\t\t\t\t\t\t\t\t\t\t\t\t\t\t<\/a>\n\t\t\t\t\t\t\t<a class=\"e-gallery-item elementor-gallery-item elementor-animated-content\" href=\"https:\/\/www.villamanin.it\/wp-content\/uploads\/2022\/09\/3-scaled.jpg\" data-elementor-open-lightbox=\"yes\" data-elementor-lightbox-slideshow=\"3c24ff3\" data-elementor-lightbox-title=\"3\" data-elementor-lightbox-description=\"quadri in esposizione\" data-e-action-hash=\"#elementor-action%3Aaction%3Dlightbox%26settings%3DeyJpZCI6NzYxMywidXJsIjoiaHR0cHM6XC9cL3d3dy52aWxsYW1hbmluLml0XC93cC1jb250ZW50XC91cGxvYWRzXC8yMDIyXC8wOVwvMy1zY2FsZWQuanBnIiwic2xpZGVzaG93IjoiM2MyNGZmMyJ9\">\n\t\t\t\t\t<div class=\"e-gallery-image elementor-gallery-item__image\" data-thumbnail=\"https:\/\/www.villamanin.it\/wp-content\/uploads\/2022\/09\/3-1536x1024.jpg\" data-width=\"1536\" data-height=\"1024\" aria-label=\"quadri in esposizione\" role=\"img\" ><\/div>\n\t\t\t\t\t\t\t\t\t\t\t<div class=\"elementor-gallery-item__overlay\"><\/div>\n\t\t\t\t\t\t\t\t\t\t\t\t\t\t<\/a>\n\t\t\t\t\t\t\t<a class=\"e-gallery-item elementor-gallery-item elementor-animated-content\" href=\"https:\/\/www.villamanin.it\/wp-content\/uploads\/2022\/09\/2-scaled.jpg\" data-elementor-open-lightbox=\"yes\" data-elementor-lightbox-slideshow=\"3c24ff3\" data-elementor-lightbox-title=\"2\" data-elementor-lightbox-description=\"quadri in esposizione\" data-e-action-hash=\"#elementor-action%3Aaction%3Dlightbox%26settings%3DeyJpZCI6NzYxNSwidXJsIjoiaHR0cHM6XC9cL3d3dy52aWxsYW1hbmluLml0XC93cC1jb250ZW50XC91cGxvYWRzXC8yMDIyXC8wOVwvMi1zY2FsZWQuanBnIiwic2xpZGVzaG93IjoiM2MyNGZmMyJ9\">\n\t\t\t\t\t<div class=\"e-gallery-image elementor-gallery-item__image\" data-thumbnail=\"https:\/\/www.villamanin.it\/wp-content\/uploads\/2022\/09\/2-1536x1024.jpg\" data-width=\"1536\" data-height=\"1024\" aria-label=\"quadri in esposizione\" role=\"img\" ><\/div>\n\t\t\t\t\t\t\t\t\t\t\t<div class=\"elementor-gallery-item__overlay\"><\/div>\n\t\t\t\t\t\t\t\t\t\t\t\t\t\t<\/a>\n\t\t\t\t\t\t\t<a class=\"e-gallery-item elementor-gallery-item elementor-animated-content\" href=\"https:\/\/www.villamanin.it\/wp-content\/uploads\/2022\/09\/1-scaled.jpg\" data-elementor-open-lightbox=\"yes\" data-elementor-lightbox-slideshow=\"3c24ff3\" data-elementor-lightbox-title=\"1\" data-elementor-lightbox-description=\"quadri in esposizione\" data-e-action-hash=\"#elementor-action%3Aaction%3Dlightbox%26settings%3DeyJpZCI6NzYxNywidXJsIjoiaHR0cHM6XC9cL3d3dy52aWxsYW1hbmluLml0XC93cC1jb250ZW50XC91cGxvYWRzXC8yMDIyXC8wOVwvMS1zY2FsZWQuanBnIiwic2xpZGVzaG93IjoiM2MyNGZmMyJ9\">\n\t\t\t\t\t<div class=\"e-gallery-image elementor-gallery-item__image\" data-thumbnail=\"https:\/\/www.villamanin.it\/wp-content\/uploads\/2022\/09\/1-1536x1024.jpg\" data-width=\"1536\" data-height=\"1024\" aria-label=\"quadri in esposizione\" role=\"img\" ><\/div>\n\t\t\t\t\t\t\t\t\t\t\t<div class=\"elementor-gallery-item__overlay\"><\/div>\n\t\t\t\t\t\t\t\t\t\t\t\t\t\t<\/a>\n\t\t\t\t\t<\/div>\n\t\t\t\t\t<\/div>\n\t\t\t\t<\/div>\n\t\t\t\t\t<\/div>\n\t\t<\/div>\n\t\t\t\t\t<\/div>\n\t\t<\/section>\n\t\t\t\t<section class=\"elementor-section elementor-top-section elementor-element elementor-element-9f9c5c0 elementor-section-boxed elementor-section-height-default elementor-section-height-default\" data-id=\"9f9c5c0\" data-element_type=\"section\" data-e-type=\"section\">\n\t\t\t\t\t\t<div class=\"elementor-container elementor-column-gap-default\">\n\t\t\t\t\t<div class=\"elementor-column elementor-col-100 elementor-top-column elementor-element elementor-element-89100f9\" data-id=\"89100f9\" data-element_type=\"column\" data-e-type=\"column\">\n\t\t\t<div class=\"elementor-widget-wrap elementor-element-populated\">\n\t\t\t\t\t\t<div class=\"elementor-element elementor-element-98d2d71 elementor-widget elementor-widget-gallery\" data-id=\"98d2d71\" data-element_type=\"widget\" data-e-type=\"widget\" data-settings=\"{&quot;columns&quot;:2,&quot;lazyload&quot;:&quot;yes&quot;,&quot;gallery_layout&quot;:&quot;grid&quot;,&quot;columns_tablet&quot;:2,&quot;columns_mobile&quot;:1,&quot;gap&quot;:{&quot;unit&quot;:&quot;px&quot;,&quot;size&quot;:10,&quot;sizes&quot;:[]},&quot;gap_tablet&quot;:{&quot;unit&quot;:&quot;px&quot;,&quot;size&quot;:10,&quot;sizes&quot;:[]},&quot;gap_mobile&quot;:{&quot;unit&quot;:&quot;px&quot;,&quot;size&quot;:10,&quot;sizes&quot;:[]},&quot;link_to&quot;:&quot;file&quot;,&quot;aspect_ratio&quot;:&quot;3:2&quot;,&quot;overlay_background&quot;:&quot;yes&quot;,&quot;content_hover_animation&quot;:&quot;fade-in&quot;}\" data-widget_type=\"gallery.default\">\n\t\t\t\t<div class=\"elementor-widget-container\">\n\t\t\t\t\t\t\t<div class=\"elementor-gallery__container\">\n\t\t\t\t\t\t\t<a class=\"e-gallery-item elementor-gallery-item elementor-animated-content\" href=\"https:\/\/www.villamanin.it\/wp-content\/uploads\/2022\/09\/ERPAC22_pasolini-Pieghevole-3-ante_08_page-0001.jpg\" data-elementor-open-lightbox=\"yes\" data-elementor-lightbox-slideshow=\"98d2d71\" data-elementor-lightbox-description=\"pasolini\" data-e-action-hash=\"#elementor-action%3Aaction%3Dlightbox%26settings%3DeyJpZCI6NzYyMiwidXJsIjoiaHR0cHM6XC9cL3d3dy52aWxsYW1hbmluLml0XC93cC1jb250ZW50XC91cGxvYWRzXC8yMDIyXC8wOVwvRVJQQUMyMl9wYXNvbGluaS1QaWVnaGV2b2xlLTMtYW50ZV8wOF9wYWdlLTAwMDEuanBnIiwic2xpZGVzaG93IjoiOThkMmQ3MSJ9\">\n\t\t\t\t\t<div class=\"e-gallery-image elementor-gallery-item__image\" data-thumbnail=\"https:\/\/www.villamanin.it\/wp-content\/uploads\/2022\/09\/ERPAC22_pasolini-Pieghevole-3-ante_08_page-0001-1536x706.jpg\" data-width=\"1536\" data-height=\"706\" aria-label=\"pasolini\" role=\"img\" ><\/div>\n\t\t\t\t\t\t\t\t\t\t\t<div class=\"elementor-gallery-item__overlay\"><\/div>\n\t\t\t\t\t\t\t\t\t\t\t\t\t\t<\/a>\n\t\t\t\t\t\t\t<a class=\"e-gallery-item elementor-gallery-item elementor-animated-content\" href=\"https:\/\/www.villamanin.it\/wp-content\/uploads\/2022\/09\/ERPAC22_pasolini-Pieghevole-3-ante_08_page-0002.jpg\" data-elementor-open-lightbox=\"yes\" data-elementor-lightbox-slideshow=\"98d2d71\" data-elementor-lightbox-description=\"pasolini\" data-e-action-hash=\"#elementor-action%3Aaction%3Dlightbox%26settings%3DeyJpZCI6NzYyNCwidXJsIjoiaHR0cHM6XC9cL3d3dy52aWxsYW1hbmluLml0XC93cC1jb250ZW50XC91cGxvYWRzXC8yMDIyXC8wOVwvRVJQQUMyMl9wYXNvbGluaS1QaWVnaGV2b2xlLTMtYW50ZV8wOF9wYWdlLTAwMDIuanBnIiwic2xpZGVzaG93IjoiOThkMmQ3MSJ9\">\n\t\t\t\t\t<div class=\"e-gallery-image elementor-gallery-item__image\" data-thumbnail=\"https:\/\/www.villamanin.it\/wp-content\/uploads\/2022\/09\/ERPAC22_pasolini-Pieghevole-3-ante_08_page-0002-1536x722.jpg\" data-width=\"1536\" data-height=\"722\" aria-label=\"pasolini\" role=\"img\" ><\/div>\n\t\t\t\t\t\t\t\t\t\t\t<div class=\"elementor-gallery-item__overlay\"><\/div>\n\t\t\t\t\t\t\t\t\t\t\t\t\t\t<\/a>\n\t\t\t\t\t<\/div>\n\t\t\t\t\t<\/div>\n\t\t\t\t<\/div>\n\t\t\t\t\t<\/div>\n\t\t<\/div>\n\t\t\t\t\t<\/div>\n\t\t<\/section>\n\t\t\t\t<\/div>\n\t\t","protected":false},"featured_media":7902,"template":"","tipologia":[7],"anno":[],"class_list":["post-16779","evento","type-evento","status-publish","has-post-thumbnail","hentry","tipologia-mostra"],"acf":[],"_links":{"self":[{"href":"https:\/\/www.villamanin.it\/en\/wp-json\/wp\/v2\/evento\/16779","targetHints":{"allow":["GET"]}}],"collection":[{"href":"https:\/\/www.villamanin.it\/en\/wp-json\/wp\/v2\/evento"}],"about":[{"href":"https:\/\/www.villamanin.it\/en\/wp-json\/wp\/v2\/types\/evento"}],"version-history":[{"count":6,"href":"https:\/\/www.villamanin.it\/en\/wp-json\/wp\/v2\/evento\/16779\/revisions"}],"predecessor-version":[{"id":16785,"href":"https:\/\/www.villamanin.it\/en\/wp-json\/wp\/v2\/evento\/16779\/revisions\/16785"}],"wp:featuredmedia":[{"embeddable":true,"href":"https:\/\/www.villamanin.it\/en\/wp-json\/wp\/v2\/media\/7902"}],"wp:attachment":[{"href":"https:\/\/www.villamanin.it\/en\/wp-json\/wp\/v2\/media?parent=16779"}],"wp:term":[{"taxonomy":"tipologia","embeddable":true,"href":"https:\/\/www.villamanin.it\/en\/wp-json\/wp\/v2\/tipologia?post=16779"},{"taxonomy":"anno","embeddable":true,"href":"https:\/\/www.villamanin.it\/en\/wp-json\/wp\/v2\/anno?post=16779"}],"curies":[{"name":"wp","href":"https:\/\/api.w.org\/{rel}","templated":true}]}}